{"id":19205,"date":"2024-10-29T15:59:19","date_gmt":"2024-10-29T15:59:19","guid":{"rendered":"https:\/\/purisimadelrincon.mx\/transparencia\/?page_id=19205"},"modified":"2024-10-29T20:11:54","modified_gmt":"2024-10-29T20:11:54","slug":"curriculums-adminitracion-2021-2024","status":"publish","type":"page","link":"https:\/\/purisimadelrincon.mx\/transparencia\/curriculums-adminitracion-2021-2024\/","title":{"rendered":"CURRICULUMS 2021-2024"},"content":{"rendered":"\n<p><\/p>\n\n\n<h3 style=\"text-align: center;\">ADMINISTRACI\u00d3N 2021-2024<\/h3>\n<h4><strong>H. Ayuntamiento 2021-2024<\/strong><\/h4>\n<ul>\n<li><a href=\"https:\/\/purisimadelrincon.mx\/transparencia\/wp-content\/uploads\/GARCIA-URBANO-ROBERTO.pdf\">Mtro. Roberto Garc\u00eda Urbano<\/a>\u00a0\/ <strong>Presidente Municipal (Licencia del 25\/03\/2024 al 07\/06\/2024)<\/strong><\/li>\n<li><a href=\"https:\/\/purisimadelrincon.mx\/transparencia\/wp-content\/uploads\/MIGUEL-ANGEL-SERVIN-VP.pdf\">Mtro. Miguel \u00c1ngel Serv\u00edn Villanueva<\/a> \/<strong>Presidente Municipal Interino a partir del 25\/03\/2024 hasta el 07\/06\/2024<\/strong><\/li>\n<li><a href=\"https:\/\/purisimadelrincon.mx\/transparencia\/wp-content\/uploads\/SINDICO.pdf\">Lic. Romina Melchor Galmez<\/a> \/ <strong>S\u00edndico Municipal<\/strong><\/li>\n<li><a href=\"https:\/\/purisimadelrincon.mx\/transparencia\/wp-content\/uploads\/SECRETARIO-H.AYUNTAMIENTO-JOSE-BENJAMIN-RODRIGUEZ-CRUZ.pdf\">Lic. Jos\u00e9 Benjam\u00edn Rodr\u00edguez Cruz<\/a> \/ <strong>Secretario del H. Ayuntamiento (Licencia del 29\/03\/2024 al 05\/06\/2024)<\/strong><\/li>\n<li><a href=\"https:\/\/purisimadelrincon.mx\/transparencia\/wp-content\/uploads\/DAMASO-MURILLO-CHAVEZ-VP.pdf\">Lic. D\u00e1maso Murillo Ch\u00e1vez<\/a> \u00a0\/<strong>Encargado de Despacho de la Secretaria del H. Ayuntamiento a partir del 29\/03\/2024<\/strong><\/li>\n<li><a href=\"https:\/\/purisimadelrincon.mx\/transparencia\/wp-content\/uploads\/MIGUEL-ANGEL-SERVIN-VP.pdf\">Mtro. Miguel \u00c1ngel Serv\u00edn Villanueva<\/a> \/ <strong>Regidor Municipal (Licencia del 25\/03\/2024 al 07\/06\/2024)<\/strong><\/li>\n<li><a href=\"https:\/\/purisimadelrincon.mx\/transparencia\/wp-content\/uploads\/MUNOZ-RAMIREZ-OSCAR-REGIDOR-SUPLENTE-VP.pdf\">Lic. Oscar Mu\u00f1oz Ram\u00edrez<\/a> \/ <strong>Regidor\u00a0 a partir del 25\/03\/2024 hasta el 07\/06\/2024<\/strong><\/li>\n<li><a href=\"https:\/\/purisimadelrincon.mx\/transparencia\/wp-content\/uploads\/REGIDOR-ARRIAGA-GUERRERO-CLAUDIA-LORENA.pdf\">C.P. Claudia Lorena Arriaga<\/a> \/ <strong>Regidora Municipal<\/strong><\/li>\n<li><a href=\"https:\/\/purisimadelrincon.mx\/transparencia\/wp-content\/uploads\/ZERMENO-ONTIVEROS-MARIA-GUADALUPE-VP.pdf\">C. Mar\u00eda Guadalupe Zerme\u00f1o Ontiveros<\/a> \/<strong>Regidora a partir del 04\/04\/2024 hasta el 07\/06\/2024<\/strong><\/li>\n<li><a href=\"https:\/\/purisimadelrincon.mx\/transparencia\/wp-content\/uploads\/REGIDOR-GAMEZ-ARRIGA-MARIA-DEL-CARMEN.pdf\">Lic. Mar\u00eda Del Carmen G\u00e1mez Arriaga<\/a> \/ <strong>Regidora Municipal<\/strong><\/li>\n<li><a href=\"https:\/\/purisimadelrincon.mx\/transparencia\/wp-content\/uploads\/REGIDOR-CRUZ-VILLEGAS-SALVADOR.pdf\">C. Salvador Cruz Villegas<\/a> \/ <strong>Regidor Municipal (Licencia a partir del 26\/03\/2024 al 17\/07\/2024)<\/strong><\/li>\n<li><a href=\"https:\/\/purisimadelrincon.mx\/transparencia\/wp-content\/uploads\/CEDILLO-BARAjas-juan-CARLOS-REGIDOR-SUPLENTE-VP.pdf\">Lic. Juan Carlos Cedillo Barajas<\/a> \/ <strong>Regidor a partir del 04\/04\/2024 hasta el 17\/07\/2024<\/strong><\/li>\n<li><a href=\"https:\/\/purisimadelrincon.mx\/transparencia\/wp-content\/uploads\/REGIDOR-MAYAGOITIA-BARRAGAN-LETICIA.pdf\">Profa. Leticia Mayagoytia Barrag\u00e1n<\/a> \/ <strong>Regidora Municipal<\/strong><\/li>\n<li><a href=\"https:\/\/purisimadelrincon.mx\/transparencia\/wp-content\/uploads\/REGIDORA-LOURDES-EUGENIA-PEREZ-GUZMAN.pdf\">Lic. Lourdes Eugenia P\u00e9rez Guzm\u00e1n<\/a> \/ <strong>Regidora Municipal<\/strong><\/li>\n<li><a href=\"https:\/\/purisimadelrincon.mx\/transparencia\/wp-content\/uploads\/JUAN-PABLO-VERDIN-VP.pdf\">C. Juan Pablo Verdin S\u00e1nchez<\/a>\u00a0 \/ <strong>Regidor Municipal<\/strong><\/li>\n<li><a href=\"https:\/\/purisimadelrincon.mx\/transparencia\/wp-content\/uploads\/REGIDOR-LOPEZ-HERNANDEZ-MONICA-GUADALUPE.pdf\">C. M\u00f3nica Guadalupe L\u00f3pez Hern\u00e1ndez<\/a> \/ <strong>Regidora Municipal (Licencia del 30\/03\/2024 al 03\/06\/2024)<\/strong><\/li>\n<li><a href=\"https:\/\/purisimadelrincon.mx\/transparencia\/wp-content\/uploads\/MELENDEZ-HERNANDEZ-MARTINA-REGIDOR-SUPLENTE-VP.pdf\">C. Martina Mel\u00e9ndez Hern\u00e1ndez<\/a> \/ <strong>Regidora a partir del 04\/04\/2024 al 03\/06\/2024<\/strong><\/li>\n<\/ul>\n<h5><strong>Gabinete Municipal 2021-2024<\/strong><\/h5>\n<ul>\n<li>Secretar\u00eda Particular<\/li>\n<li>Encargada de Despacho de la Secretaria Particular, <a href=\"https:\/\/purisimadelrincon.mx\/transparencia\/wp-content\/uploads\/ANA-PAMELA-GONZALEZ-MARTINEZ-SECRETARIA-PARTICULAR.pdf\">Mtra. Ana Pamela Gonz\u00e1lez Mart\u00ednez<\/a><\/li>\n<li>Contralor Municipal, <a href=\"https:\/\/purisimadelrincon.mx\/transparencia\/wp-content\/uploads\/CONTRALOR.pdf\">Lic. Arturo Sandoval Viurquez<\/a><\/li>\n<li>Direcci\u00f3n de Comunicaci\u00f3n Social, <a href=\"https:\/\/purisimadelrincon.mx\/transparencia\/wp-content\/uploads\/COMUNICACION-SOCIAL.pdf\">Lic. Ana Lilia Ojeda Cobi\u00e1n<\/a><\/li>\n<li>Direcci\u00f3n de Asuntos Jur\u00eddicos, <a href=\"https:\/\/purisimadelrincon.mx\/transparencia\/wp-content\/uploads\/ASUNTOS-JURIDICOS.pdf\">Lic. Ver\u00f3nica Ivette G\u00f3mez Becerra<\/a><\/li>\n<li>Direcci\u00f3n de la Unidad de Transparencia, <a href=\"https:\/\/purisimadelrincon.mx\/transparencia\/wp-content\/uploads\/ARRIAGA-QUIROZ-ANA-LAURA-1.pdf\">Lic. Ana Laura Arriaga Quiroz<\/a><\/li>\n<li>Coordinaci\u00f3n de Asuntos Internos,<a href=\"https:\/\/purisimadelrincon.mx\/transparencia\/wp-content\/uploads\/TERESITA-DEL-NINO-JESUS-ROJAS.pdf\"> Lic. Teresita Del Ni\u00f1o Jes\u00fas Rojas Cordero<\/a><\/li>\n<li>Coordinaci\u00f3n de \u00c1rbitros Calificadores, <a href=\"https:\/\/purisimadelrincon.mx\/transparencia\/wp-content\/uploads\/ERIC-RAUL-SEGURA-ZEPEDA-4.pdf\">P.J. Eric Ra\u00fal Segura Zepeda<\/a>\u00a0<\/li>\n<li>Coordinaci\u00f3n del Archivo Municipal, <a href=\"https:\/\/purisimadelrincon.mx\/transparencia\/wp-content\/uploads\/ARCHIVO-HISTORICO.pdf\">Lic. Juan Francisco Escare\u00f1o Alonso<\/a><\/li>\n<li>Coordinaci\u00f3n de Inform\u00e1tica, <a href=\"https:\/\/purisimadelrincon.mx\/transparencia\/wp-content\/uploads\/INFORMATICA.pdf\">Ing. Flor Guadalupe Casta\u00f1\u00f3n Reyes<\/a><\/li>\n<li>Tesorer\u00eda Municipal,<a href=\"https:\/\/purisimadelrincon.mx\/transparencia\/wp-content\/uploads\/MUNOZ-PORRAS-HECTOR-1.pdf\"> C.P. H\u00e9ctor Mu\u00f1oz Porras<\/a><\/li>\n<li>Coordinaci\u00f3n de Recursos Humanos, <a href=\"https:\/\/purisimadelrincon.mx\/transparencia\/wp-content\/uploads\/RECURSOS-HUMANOS-CV.pdf\">Lic. Mar\u00eda De Los \u00c1ngeles Valadez Rodr\u00edguez<\/a>\u00a0<\/li>\n<li>Direcci\u00f3n de Predial y Catastro, <a href=\"https:\/\/purisimadelrincon.mx\/transparencia\/wp-content\/uploads\/PREDIAL-Y-CATASTRO.pdf\">Lic. Paloma Yazm\u00edn Del Roc\u00edo Collazo Salda\u00f1a<\/a><\/li>\n<li>Direcci\u00f3n de Cultura, <a href=\"https:\/\/purisimadelrincon.mx\/transparencia\/wp-content\/uploads\/CASA-DE-LA-CULTURA.pdf\">C. Ram\u00f3n Padilla Murillo<\/a><\/li>\n<li>Coordinaci\u00f3n de Educaci\u00f3n Municipal, <a href=\"https:\/\/purisimadelrincon.mx\/transparencia\/wp-content\/uploads\/EDUCACION.pdf\">C. Gerardo Reyes L\u00f3pez<\/a><\/li>\n<li>Direcci\u00f3n de Comisi\u00f3n Municipal del Deporte, <a href=\"https:\/\/purisimadelrincon.mx\/transparencia\/wp-content\/uploads\/COMUDE.pdf\">Lic. Jacob Artemio Hern\u00e1ndez Coronado<\/a><\/li>\n<li>Coordinaci\u00f3n Municipal de las Juventudes, <a href=\"https:\/\/purisimadelrincon.mx\/transparencia\/wp-content\/uploads\/JUVENTUD.pdf\">C. Paulina L\u00f3pez M\u00e1rquez<\/a><\/li>\n<li>Direcci\u00f3n de Desarrollo Social y Humano, <a href=\"https:\/\/purisimadelrincon.mx\/transparencia\/wp-content\/uploads\/DESARROLLO-SOCIAL.pdf\">Mtro. David Alberto Ortiz Trillo<\/a><\/li>\n<li>Direcci\u00f3n de Desarrollo Econ\u00f3mico, <a href=\"https:\/\/purisimadelrincon.mx\/transparencia\/wp-content\/uploads\/DESARROLLO-ECONOMICO-Y-TURISMO.pdf\">Lic. Oscar Mu\u00f1oz Ram\u00edrez<\/a> (Licencia del 25\/03\/2024 al 07\/06\/2024)<\/li>\n<li>Direcci\u00f3n de Turismo,<a href=\"https:\/\/purisimadelrincon.mx\/transparencia\/wp-content\/uploads\/SECRETARIO-PARTICULAR-JOSE-ROBERTO-CAMARGO-PEREZ.pdf\"> Lic. Jos\u00e9 Roberto Camargo P\u00e9rez<\/a> (Licencia del 1570472024 al 02\/06\/2024)<\/li>\n<li>Direcci\u00f3n de Desarrollo Rural, <a href=\"https:\/\/purisimadelrincon.mx\/transparencia\/wp-content\/uploads\/DESARROLLO-RURAL.pdf\">C. Jos\u00e9 De Jes\u00fas Barrag\u00e1n Quiroz<\/a><\/li>\n<li>Coordinaci\u00f3n de Rastro Municipal, <a href=\"https:\/\/purisimadelrincon.mx\/transparencia\/wp-content\/uploads\/RASTRO-MUNICIPAL.pdf\">C. Alberto Villalobos Olivares<\/a><\/li>\n<li>Direcci\u00f3n de Gesti\u00f3n Integral del Territorio, <a href=\"https:\/\/purisimadelrincon.mx\/transparencia\/wp-content\/uploads\/GESTION-INTEGRAL-DEL-TERRITORIO.pdf\">C. Jos\u00e9 Luis Salmer\u00f3n Verd\u00edn<\/a><\/li>\n<li>Coordinaci\u00f3n de Ecolog\u00eda, <a href=\"https:\/\/purisimadelrincon.mx\/transparencia\/wp-content\/uploads\/ECOLOGIA.pdf\">Ing. Jos\u00e9 V\u00e1zquez Garc\u00eda<\/a><\/li>\n<li>Direcci\u00f3n de Obras P\u00fablicas, <a href=\"https:\/\/purisimadelrincon.mx\/transparencia\/wp-content\/uploads\/OBRAS-PUBLICAS.pdf\">Ing. Rogelio Ayala G\u00f3mez<\/a><\/li>\n<li>Direcci\u00f3n del Instituto Municipal de Planeaci\u00f3n, <a href=\"https:\/\/purisimadelrincon.mx\/transparencia\/wp-content\/uploads\/INPLAN.pdf\">Mtra. Beatriz Adriana Ponce M\u00e1rquez<\/a><\/li>\n<li>Coordinaci\u00f3n de Protecci\u00f3n Civil, <a href=\"https:\/\/purisimadelrincon.mx\/transparencia\/wp-content\/uploads\/PROTECCION-CIVIL.pdf\">T.E.M. H\u00e9ctor Hugo Guzm\u00e1n Varela<\/a><\/li>\n<li>Direcci\u00f3n de Servicios P\u00fablicos Municipales, <a href=\"https:\/\/purisimadelrincon.mx\/transparencia\/wp-content\/uploads\/SERVICIOS-PUBLICOS-MUNICIPALES.pdf\">Arq. Juan Carlos Navarrete Ray\u00f3n<\/a><\/li>\n<li>Director de Seguridad P\u00fablica, Tr\u00e1nsito y Transporte Municipal<\/li>\n<li>Coordinaci\u00f3n de Tr\u00e1nsito y Transporte<\/li>\n<li>Instituto de las Mujeres Purisimenses, <a href=\"https:\/\/purisimadelrincon.mx\/transparencia\/wp-content\/uploads\/HERNANDEZ-MARQUEZ-ANA-ISABEL.pdf\">Lic. Ana Isabel Hern\u00e1ndez M\u00e1rquez<\/a><\/li>\n<li>Director de Fiscalizaci\u00f3n y Control, <a href=\"https:\/\/purisimadelrincon.mx\/transparencia\/wp-content\/uploads\/FISCALIZACION-Y-CONTROL.pdf\">C. Francisco Javier M\u00e1rquez Padilla<\/a><\/li>\n<li>Direcci\u00f3n General del Sistema de Agua Potable, Alcantarillado y Saneamiento de Pur\u00edsima<a href=\"https:\/\/purisimadelrincon.mx\/transparencia\/wp-content\/uploads\/VAZQUEZ_GOMEZ_FRANCISCO_JAVIER.docx\">, Arq. V\u00e1zquez G\u00f3mez Francisco Javier<\/a><\/li>\n<li>Direcci\u00f3n General del Sistema Municipal para el Desarrollo Integral de la Familia, <a href=\"https:\/\/purisimadelrincon.mx\/transparencia\/wp-content\/uploads\/LILIANA-RAMIREZ-GUERRERO-1.pdf\">Lic. Liliana Ram\u00edrez Guerrero<\/a><\/li>\n<\/ul>\n<h6><strong><a href=\"https:\/\/purisimadelrincon.mx\/transparencia\/xvii-curriculums-administracion-municipal\/\">Personal Administrativo y Operativo 2021-2024<\/a><\/strong><\/h6>\n<h5>\u00a0<\/h5>\n\n\n<p><\/p>\n\n\n\n<p><\/p>\n\n\n\n<p><\/p>\n\n\n\n<p><\/p>\n","protected":false},"excerpt":{"rendered":"<p>ADMINISTRACI\u00d3N 2021-2024 H. Ayuntamiento 2021-2024 Mtro. Roberto Garc\u00eda Urbano\u00a0\/ Presidente Municipal (Licencia del 25\/03\/2024 al 07\/06\/2024) Mtro. Miguel \u00c1ngel Serv\u00edn Villanueva \/Presidente Municipal Interino a partir del 25\/03\/2024 hasta el 07\/06\/2024 Lic. Romina Melchor Galmez \/ S\u00edndico Municipal Lic. Jos\u00e9 <a class=\"more-link\" href=\"https:\/\/purisimadelrincon.mx\/transparencia\/curriculums-adminitracion-2021-2024\/\">Seguir leyendo <span class=\"screen-reader-text\">  CURRICULUMS 2021-2024<\/span><span class=\"meta-nav\">&rarr;<\/span><\/a><\/p>\n","protected":false},"author":2,"featured_media":0,"parent":0,"menu_order":0,"comment_status":"closed","ping_status":"closed","template":"","meta":{"footnotes":""},"class_list":["post-19205","page","type-page","status-publish","hentry"],"_links":{"self":[{"href":"https:\/\/purisimadelrincon.mx\/transparencia\/wp-json\/wp\/v2\/pages\/19205","targetHints":{"allow":["GET"]}}],"collection":[{"href":"https:\/\/purisimadelrincon.mx\/transparencia\/wp-json\/wp\/v2\/pages"}],"about":[{"href":"https:\/\/purisimadelrincon.mx\/transparencia\/wp-json\/wp\/v2\/types\/page"}],"author":[{"embeddable":true,"href":"https:\/\/purisimadelrincon.mx\/transparencia\/wp-json\/wp\/v2\/users\/2"}],"replies":[{"embeddable":true,"href":"https:\/\/purisimadelrincon.mx\/transparencia\/wp-json\/wp\/v2\/comments?post=19205"}],"version-history":[{"count":5,"href":"https:\/\/purisimadelrincon.mx\/transparencia\/wp-json\/wp\/v2\/pages\/19205\/revisions"}],"predecessor-version":[{"id":19226,"href":"https:\/\/purisimadelrincon.mx\/transparencia\/wp-json\/wp\/v2\/pages\/19205\/revisions\/19226"}],"wp:attachment":[{"href":"https:\/\/purisimadelrincon.mx\/transparencia\/wp-json\/wp\/v2\/media?parent=19205"}],"curies":[{"name":"wp","href":"https:\/\/api.w.org\/{rel}","templated":true}]}}